{"id":796,"date":"2022-01-12T19:00:15","date_gmt":"2022-01-12T18:00:15","guid":{"rendered":"https:\/\/poleasingowe.pl\/blog\/?page_id=796"},"modified":"2022-01-14T10:57:40","modified_gmt":"2022-01-14T09:57:40","slug":"siema-sierra","status":"publish","type":"page","link":"https:\/\/poleasingowe.pl\/blog\/siema-sierra\/","title":{"rendered":"#SiemaSierra"},"content":{"rendered":"<h1 style=\"text-align: center;\"><b>30-letni Ford Sierra na 30. Fina\u0142 WO\u015aP <\/b><\/h1>\n<h1 style=\"text-align: center;\"><b>#SiemaSierra<\/b><\/h1>\n<h2 id=\"subHeading-1\" style=\"text-align: center;\"><b>czyli kr\u00f3tka historia o samochodzie Jurka Owsiaka, kt\u00f3ry pom\u00f3g\u0142 mu zorganizowa\u0107 Przystanek Woodstock i wspar\u0142 najg\u0142o\u015bniejsz\u0105 Orkiestr\u0119 \u015bwiata!<\/b><\/h2>\n<p>&nbsp;<\/p>\n<p style=\"text-align: left;\">Ford Sierra Kombi &#8211; samoch\u00f3d, kt\u00f3ry przyjecha\u0142 wprost ze wspomnie\u0144 Jurka Owsiaka! 30 lat temu, podczas 1. Fina\u0142u Orkiestry, g\u0142\u00f3wny dyrygent WO\u015aP porusza\u0142 si\u0119 tym niezawodnym modelem. To auto odegra\u0142o ogromn\u0105 rol\u0119 w \u017cyciu Jurka &#8211; towarzyszy\u0142o mu na pocz\u0105tku przygody z WO\u015aP, a pieni\u0105dze z jego sprzeda\u017cy pomog\u0142y w organizacji Przystanku Woodstock w Polsce.<\/p>\n<p>Na licytacj\u0119 w ramach 30. Fina\u0142u WO\u015aP przekazujemy ten sam model, z tego samego rocznika (1991), kt\u00f3ry wygl\u0105da dok\u0142adnie tak, jak sw\u00f3j oryginalny pojazd zapami\u0119ta\u0142 Jurek Owsiak.<\/p>\n<h3 id=\"subHeading-2\" style=\"text-align: center;\"><a href=\"https:\/\/allegro.pl\/oferta\/sierra-ze-wspomnien-jurka-owsiaka-siemasierra-11683661121\">LICYTUJ JU\u017b TERAZ!\u00a0<\/a><\/h3>\n<p style=\"text-align: left;\">Do\u0142o\u017cyli\u015bmy wszelkich stara\u0144, aby nowa Sierra by\u0142a r\u00f3wnie niezawodna jak orygina\u0142. I widz\u0105c reakcj\u0119 Jurka kiedy po raz pierwszy zobaczy\u0142 odrestaurowany model &#8211; wiemy, \u017ce si\u0119 uda\u0142o.<\/p>\n<div id=\"attachment_808\" style=\"width: 910px\" class=\"wp-caption aligncenter\"><img loading=\"lazy\" decoding=\"async\" aria-describedby=\"caption-attachment-808\" class=\"wp-image-808 size-full\" src=\"https:\/\/poleasingowe.pl\/blog\/wp-content\/uploads\/2022\/01\/siema-sierra-jurek-owsiak.jpg\" alt=\"\" width=\"900\" height=\"506\" srcset=\"https:\/\/poleasingowe.pl\/blog\/wp-content\/uploads\/2022\/01\/siema-sierra-jurek-owsiak.jpg 900w, https:\/\/poleasingowe.pl\/blog\/wp-content\/uploads\/2022\/01\/siema-sierra-jurek-owsiak-510x287.jpg 510w, https:\/\/poleasingowe.pl\/blog\/wp-content\/uploads\/2022\/01\/siema-sierra-jurek-owsiak-768x432.jpg 768w\" sizes=\"(max-width: 900px) 100vw, 900px\" \/><p id=\"caption-attachment-808\" class=\"wp-caption-text\">Jurek Owsiak po raz pierwszy ogl\u0105da Sierr\u0119 na \u017cywo.<\/p><\/div>\n<h2 id=\"subHeading-3\"><\/h2>\n<h2 id=\"subHeading-4\">Siema Sierra &#8211; wrak, kt\u00f3ry sta\u0142 si\u0119 pere\u0142k\u0105<\/h2>\n<p style=\"text-align: left;\">Na okr\u0105g\u0142y Fina\u0142 Wielkiej Orkiestry \u015awi\u0105tecznej Pomocy chcieli\u015bmy podarowa\u0107 w imieniu Poleasingowe.pl co\u015b naprawd\u0119 wyj\u0105tkowego.<\/p>\n<p style=\"text-align: left;\">Dowiedzieli\u015bmy si\u0119, \u017ce podczas 1. Fina\u0142u WO\u015aP Jurek Owsiak porusza\u0142 si\u0119 swoj\u0105 ukochan\u0105 Sierr\u0105, a w\u0142a\u015bciwie Fordem Sierra Kombi. Postanowili\u015bmy, \u017ce znajdziemy i odrestaurujemy taki sam model z tego samego rocznika.<\/p>\n<p>&nbsp;<\/p>\n<h3 id=\"subHeading-5\" style=\"text-align: center;\">I tak te\u017c zrobili\u015bmy, zobaczcie sami!<\/h3>\n<p>&nbsp;<\/p>\n<p><strong>Luty 2021.<\/strong> Ekipa Poleasingowe.pl znajduje taki sam model Sierry na \u015al\u0105sku. Poprzednia w\u0142a\u015bcicielka przez d\u0142ugi czas wozi\u0142a nim kwiaty z Holandii. Samoch\u00f3d by\u0142 mocno zu\u017cyty.<\/p>\n<div id=\"attachment_811\" style=\"width: 910px\" class=\"wp-caption aligncenter\"><img loading=\"lazy\" decoding=\"async\" aria-describedby=\"caption-attachment-811\" class=\"wp-image-811 size-full\" src=\"https:\/\/poleasingowe.pl\/blog\/wp-content\/uploads\/2022\/01\/siema-sierra-kupiona-na-slasku.jpg\" alt=\"\" width=\"900\" height=\"617\" srcset=\"https:\/\/poleasingowe.pl\/blog\/wp-content\/uploads\/2022\/01\/siema-sierra-kupiona-na-slasku.jpg 900w, https:\/\/poleasingowe.pl\/blog\/wp-content\/uploads\/2022\/01\/siema-sierra-kupiona-na-slasku-510x350.jpg 510w, https:\/\/poleasingowe.pl\/blog\/wp-content\/uploads\/2022\/01\/siema-sierra-kupiona-na-slasku-768x527.jpg 768w\" sizes=\"(max-width: 900px) 100vw, 900px\" \/><p id=\"caption-attachment-811\" class=\"wp-caption-text\">Tak wygl\u0105da\u0142a Sierra w dniu zakupu.<\/p><\/div>\n<p><strong>Marzec 2021.<\/strong> Sierra trafia do warsztatu Poleasingowe Team, gdzie zajmuj\u0105 si\u0119 ni\u0105 fachowcy. Najpierw skupiaj\u0105 si\u0119 na mechanice. To r\u0119czna, precyzyjna robota.<\/p>\n<div id=\"attachment_816\" style=\"width: 910px\" class=\"wp-caption aligncenter\"><img loading=\"lazy\" decoding=\"async\" aria-describedby=\"caption-attachment-816\" class=\"wp-image-816 size-full\" src=\"https:\/\/poleasingowe.pl\/blog\/wp-content\/uploads\/2022\/01\/siema-sierra-prace-renowacyjne.jpg\" alt=\"\" width=\"900\" height=\"675\" srcset=\"https:\/\/poleasingowe.pl\/blog\/wp-content\/uploads\/2022\/01\/siema-sierra-prace-renowacyjne.jpg 900w, https:\/\/poleasingowe.pl\/blog\/wp-content\/uploads\/2022\/01\/siema-sierra-prace-renowacyjne-510x383.jpg 510w, https:\/\/poleasingowe.pl\/blog\/wp-content\/uploads\/2022\/01\/siema-sierra-prace-renowacyjne-768x576.jpg 768w\" sizes=\"(max-width: 900px) 100vw, 900px\" \/><p id=\"caption-attachment-816\" class=\"wp-caption-text\">Pierwszy etap prac nad Sierr\u0105.<\/p><\/div>\n<p><strong>Maj 2021.<\/strong> Silnik i uk\u0142ad jezdny trzeba rozebra\u0107 do najmniejszej \u015brubki. Mechanicy ogl\u0105daj\u0105 ka\u017cd\u0105 cz\u0119\u015b\u0107. Sprawdzaj\u0105, naprawiaj\u0105, wymieniaj\u0105.<\/p>\n<div id=\"attachment_818\" style=\"width: 910px\" class=\"wp-caption aligncenter\"><img loading=\"lazy\" decoding=\"async\" aria-describedby=\"caption-attachment-818\" class=\"wp-image-818 size-full\" src=\"https:\/\/poleasingowe.pl\/blog\/wp-content\/uploads\/2022\/01\/siema-sierra-roz\u0142o\u017cona-na-cz\u0119\u015bci.jpg\" alt=\"\" width=\"900\" height=\"675\" srcset=\"https:\/\/poleasingowe.pl\/blog\/wp-content\/uploads\/2022\/01\/siema-sierra-roz\u0142o\u017cona-na-cz\u0119\u015bci.jpg 900w, https:\/\/poleasingowe.pl\/blog\/wp-content\/uploads\/2022\/01\/siema-sierra-roz\u0142o\u017cona-na-cz\u0119\u015bci-510x383.jpg 510w, https:\/\/poleasingowe.pl\/blog\/wp-content\/uploads\/2022\/01\/siema-sierra-roz\u0142o\u017cona-na-cz\u0119\u015bci-768x576.jpg 768w\" sizes=\"(max-width: 900px) 100vw, 900px\" \/><p id=\"caption-attachment-818\" class=\"wp-caption-text\">Samoch\u00f3d roz\u0142o\u017cyli\u015bmy do ostatniej \u015brubki.<\/p><\/div>\n<p><strong>Wrzesie\u0144 2021.<\/strong> Samoch\u00f3d zostaje pomalowany bia\u0142ym lakierem, by estetyk\u0105 zbli\u017cy\u0107 si\u0119 jak najbli\u017cej egzemplarza, kt\u00f3ry posiada\u0142 Jurek.<\/p>\n<div id=\"attachment_820\" style=\"width: 910px\" class=\"wp-caption aligncenter\"><img loading=\"lazy\" decoding=\"async\" aria-describedby=\"caption-attachment-820\" class=\"wp-image-820 size-full\" src=\"https:\/\/poleasingowe.pl\/blog\/wp-content\/uploads\/2022\/01\/siema-sierra-u-lakiernika.jpg\" alt=\"\" width=\"900\" height=\"675\" srcset=\"https:\/\/poleasingowe.pl\/blog\/wp-content\/uploads\/2022\/01\/siema-sierra-u-lakiernika.jpg 900w, https:\/\/poleasingowe.pl\/blog\/wp-content\/uploads\/2022\/01\/siema-sierra-u-lakiernika-510x383.jpg 510w, https:\/\/poleasingowe.pl\/blog\/wp-content\/uploads\/2022\/01\/siema-sierra-u-lakiernika-768x576.jpg 768w\" sizes=\"(max-width: 900px) 100vw, 900px\" \/><p id=\"caption-attachment-820\" class=\"wp-caption-text\">Malowanie Sierry posz\u0142o zgodnie z planem.<\/p><\/div>\n<p><strong>Listopad 2021.<\/strong> Mamy to! Jeszcze czyszczenie wn\u0119trza i detailing. Wn\u0119trze Sierry l\u015bni, a na pod\u0142odze le\u017c\u0105 szyte na miar\u0119 dywaniki.<\/p>\n<div id=\"attachment_812\" style=\"width: 910px\" class=\"wp-caption aligncenter\"><img loading=\"lazy\" decoding=\"async\" aria-describedby=\"caption-attachment-812\" class=\"wp-image-812 size-full\" src=\"https:\/\/poleasingowe.pl\/blog\/wp-content\/uploads\/2022\/01\/siema-sierra-odnowione-wn\u0119trze.jpg\" alt=\"\" width=\"900\" height=\"405\" srcset=\"https:\/\/poleasingowe.pl\/blog\/wp-content\/uploads\/2022\/01\/siema-sierra-odnowione-wn\u0119trze.jpg 900w, https:\/\/poleasingowe.pl\/blog\/wp-content\/uploads\/2022\/01\/siema-sierra-odnowione-wn\u0119trze-510x230.jpg 510w, https:\/\/poleasingowe.pl\/blog\/wp-content\/uploads\/2022\/01\/siema-sierra-odnowione-wn\u0119trze-768x346.jpg 768w\" sizes=\"(max-width: 900px) 100vw, 900px\" \/><p id=\"caption-attachment-812\" class=\"wp-caption-text\">Od\u015bwie\u017cone wn\u0119trze Sierry.<\/p><\/div>\n<p><strong>Grudzie\u0144 2021.<\/strong> Odwiedzamy warsztat Adama Klimka pod Warszaw\u0105 na fina\u0142owy przegl\u0105d. Sierr\u0119 po raz pierwszy ogl\u0105da Jurek Owsiak.<\/p>\n<p><iframe loading=\"lazy\" title=\"Adam Klimek, poleasingowe.pl i samoch\u00f3d z niesamowit\u0105 histori\u0105  - zapowied\u017a #SiemaSierra\" width=\"500\" height=\"281\" src=\"https:\/\/www.youtube.com\/embed\/30gU2kkqzQI?feature=oembed\" frameborder=\"0\" allow=\"accelerometer; autoplay; clipboard-write; encrypted-media; gyroscope; picture-in-picture; web-share\" referrerpolicy=\"strict-origin-when-cross-origin\" allowfullscreen><\/iframe><\/p>\n<p><strong>Stycze\u0144 2022.<\/strong> Ostatnie szlify przed 30. fina\u0142em WO\u015aP! Na masce pojawia si\u0119 ogromne logo WO\u015aP i Pol\u2019and\u2019Rock Festival. Z kolei boki samochodu zdobi numer 30, tak wiele znacz\u0105cy: 30-letnia Sierra, 30. Fina\u0142, 30 stycznia.<\/p>\n<div id=\"attachment_814\" style=\"width: 910px\" class=\"wp-caption aligncenter\"><img loading=\"lazy\" decoding=\"async\" aria-describedby=\"caption-attachment-814\" class=\"wp-image-814 size-full\" src=\"https:\/\/poleasingowe.pl\/blog\/wp-content\/uploads\/2022\/01\/siema-sierra-oklejona-i-gotowa-na-fina\u0142.jpg\" alt=\"\" width=\"900\" height=\"675\" srcset=\"https:\/\/poleasingowe.pl\/blog\/wp-content\/uploads\/2022\/01\/siema-sierra-oklejona-i-gotowa-na-fina\u0142.jpg 900w, https:\/\/poleasingowe.pl\/blog\/wp-content\/uploads\/2022\/01\/siema-sierra-oklejona-i-gotowa-na-fina\u0142-510x383.jpg 510w, https:\/\/poleasingowe.pl\/blog\/wp-content\/uploads\/2022\/01\/siema-sierra-oklejona-i-gotowa-na-fina\u0142-768x576.jpg 768w\" sizes=\"(max-width: 900px) 100vw, 900px\" \/><p id=\"caption-attachment-814\" class=\"wp-caption-text\">Sierra gotowa na 30. Fina\u0142 WO\u015aP!<\/p><\/div>\n<h2 id=\"subHeading-6\">Adam Klimek m\u00f3wi z nami #SiemaSierra!<\/h2>\n<p>W nasz\u0105 akcj\u0119 zaanga\u017cowa\u0142 si\u0119 tak\u017ce Adam Klimek &#8211; najbardziej znany mechanik i konstruktor samochodowy w Polsce. Dorzuci\u0142 od siebie specjaln\u0105 12-miesi\u0119czn\u0105 gwarancj\u0119, kt\u00f3ra obejmuje darmow\u0105 napraw\u0119 usterek w jego warsztacie!<\/p>\n<p style=\"text-align: left;\">wideo<\/p>\n<h4>Zwyci\u0119zca aukcji wraz z samochodem otrzyma tak\u017ce certyfikaty z w\u0142asnor\u0119cznymi podpisami:<\/h4>\n<p><em>\u2714\u00a0\u00a0<\/em>Jurka Owsiaka, kt\u00f3ry za\u015bwiadcza, \u017ce takim modelem je\u017adzi\u0142 podczas 1. Fina\u0142u WO\u015aP<\/p>\n<p>\u2714 Adama Klimka, kt\u00f3ry potwierdza wzorowy stan techniczny auta<\/p>\n<div id=\"attachment_824\" style=\"width: 810px\" class=\"wp-caption aligncenter\"><img loading=\"lazy\" decoding=\"async\" aria-describedby=\"caption-attachment-824\" class=\"wp-image-824 size-full\" src=\"https:\/\/poleasingowe.pl\/blog\/wp-content\/uploads\/2022\/01\/siema-sierra-certyfikaty.jpg\" alt=\"\" width=\"800\" height=\"1048\" srcset=\"https:\/\/poleasingowe.pl\/blog\/wp-content\/uploads\/2022\/01\/siema-sierra-certyfikaty.jpg 800w, https:\/\/poleasingowe.pl\/blog\/wp-content\/uploads\/2022\/01\/siema-sierra-certyfikaty-389x510.jpg 389w, https:\/\/poleasingowe.pl\/blog\/wp-content\/uploads\/2022\/01\/siema-sierra-certyfikaty-768x1006.jpg 768w, https:\/\/poleasingowe.pl\/blog\/wp-content\/uploads\/2022\/01\/siema-sierra-certyfikaty-687x900.jpg 687w\" sizes=\"(max-width: 800px) 100vw, 800px\" \/><p id=\"caption-attachment-824\" class=\"wp-caption-text\">Takie certyfikaty tak\u017ce otrzyma zwyci\u0119zca aukcji.<\/p><\/div>\n<h2 id=\"subHeading-7\">#SiemaSierra dla mi\u0142o\u015bnik\u00f3w czterech k\u00f3\u0142ek<\/h2>\n<div id=\"attachment_836\" style=\"width: 383px\" class=\"wp-caption alignright\"><img loading=\"lazy\" decoding=\"async\" aria-describedby=\"caption-attachment-836\" class=\" wp-image-836\" src=\"https:\/\/poleasingowe.pl\/blog\/wp-content\/uploads\/2022\/01\/siema_sierra_autograf-383x510.jpg\" alt=\"\" width=\"373\" height=\"497\" srcset=\"https:\/\/poleasingowe.pl\/blog\/wp-content\/uploads\/2022\/01\/siema_sierra_autograf-383x510.jpg 383w, https:\/\/poleasingowe.pl\/blog\/wp-content\/uploads\/2022\/01\/siema_sierra_autograf.jpg 675w\" sizes=\"(max-width: 373px) 100vw, 373px\" \/><p id=\"caption-attachment-836\" class=\"wp-caption-text\">Jurek Owsiak po z\u0142o\u017ceniu autografu.<\/p><\/div>\n<p>30-letnia Sierra na 30. Fina\u0142 WO\u015aP charakteryzuje si\u0119 wyj\u0105tkowymi parametrami\u00a0technicznymi:<\/p>\n<p>Pojemno\u015b\u0107 silnika: 1598 cm3<\/p>\n<p style=\"text-align: left;\">Moc silnika: 80 KM<\/p>\n<p>W sk\u0142ad wyposa\u017cenia Forda Sierry Kombi wchodz\u0105:<\/p>\n<p>\u27a1 relingi dachowe,<\/p>\n<p>\u27a1 roleta baga\u017cnika,<\/p>\n<p>\u27a1 oryginalny radiomagnetofon i zestaw 4 g\u0142o\u015bnik\u00f3w,<\/p>\n<p>\u27a1 nowe opony letnie,<\/p>\n<p>\u27a1 alufelgi z najmocniejszej wersji Sierry \u2013 Cosworth (po pe\u0142nej renowacji),<\/p>\n<p>\u27a1 dywaniki welurowe szyte na zam\u00f3wienie,<\/p>\n<p>\u27a1 designerskie oklejenie karoserii wg projektu Sztabu G\u0142\u00f3wnego WO\u015aP,<\/p>\n<p><strong>\u27a1 autograf Jurka Owsiaka na os\u0142onie przeciws\u0142onecznej pasa\u017cera!<\/strong><\/p>\n<h3 id=\"subHeading-8\"><\/h3>\n<h3 id=\"subHeading-9\">Jeste\u015bmy dumni, \u017ce teraz pieni\u0105dze z licytacji Sierry na aukcji WO\u015aP pomog\u0105 zapewni\u0107 najwy\u017csze standardy diagnostyki i leczenia wzroku u dzieci.<\/h3>\n<h3 id=\"subHeading-10\" style=\"text-align: center;\"><a href=\"https:\/\/allegro.pl\/oferta\/sierra-ze-wspomnien-jurka-owsiaka-siemasierra-11683661121\">LICYTUJ JU\u017b TERAZ!\u00a0<\/a><\/h3>\n<p>&nbsp;<\/p>\n<hr \/>\n<h2 id=\"subHeading-11\">#SiemaSierra w mediach<\/h2>\n<p><strong>TVN24,<\/strong>\u00a0<em><a href=\"https:\/\/tvn24.pl\/polska\/wosp-2022-30-letni-ford-identyczny-jakim-jezdzil-jurek-owsiak-zostanie-zlicytowany-na-aukcji-wosp-5557943?fbclid=IwAR2FYtoCm-BwRoyGUCD5GNyEgVQStnfEhL5VyV5nTqPHRZ29Lz8CP_ZGP0U\" target=\"_blank\" rel=\"noopener\">30-letnia sierra jak z\u00a0salonu na\u00a0aukcji WO\u015aP. Identyczn\u0105 Jurek Owsiak je\u017adzi\u0142 w\u00a0trakcie pierwszego fina\u0142u<\/a><\/em><\/p>\n<p><strong>Natemat.pl<\/strong>, Natalia Kami\u0144ska,\u00a0<em><span style=\"text-decoration: underline;\"><a href=\"https:\/\/natemat.pl\/392253,w-tym-roku-na-licytacje-wosp-trafi-specjalny-samochod?fbclid=IwAR1YY4NcU8zpwswVOmgbFvKCeIuxGFDFMQY-0I_5AKVG8Tr5ZqdwCsmYGKw\" target=\"_blank\" rel=\"noopener\">Wkr\u00f3tce 30. fina\u0142 WO\u015aP. Na aukcj\u0119 trafi wyj\u0105tkowy samoch\u00f3d<\/a><\/span><\/em><\/p>\n<p><strong>RMF24<\/strong>, Pawe\u0142 Pyclik,\u00a0<em><a href=\"https:\/\/www.rmf24.pl\/fakty\/polska\/news-niezwykle-auto-na-aukcji-wosp-takim-modelem-jezdzil-30-lat-t,nId,5767351?fbclid=IwAR1UaCeHvLxZZYNJsdiInxyoUWlm48gL7IYcBaohP9arADFQF93gqGQz3pI#crp_state=1\" target=\"_blank\" rel=\"noopener\">Niezwyk\u0142e auto na aukcji WO\u015aP! Takim modelem je\u017adzi\u0142 30 lat temu Owsiak<\/a><\/em><\/p>\n<p><strong>Motoryzacja Interia<\/strong>,\u00a0<em><a href=\"https:\/\/motoryzacja.interia.pl\/samochody-uzywane\/news-ford-sierra-30-letnie-auto-z-1-finalu-wosp-trafilo-na-aukcje,nId,5767261?fbclid=IwAR0CHhF1ddPnQf1pbeJp6YJlOYgyVBRE7k7mTBHQd3TT9QZ9YCTrpz7xYoA\" target=\"_blank\" rel=\"noopener\">Ford Sierra &#8211; 30-letnie auto z 1. fina\u0142u WO\u015aP trafi\u0142o na aukcj\u0119<\/a><\/em><\/p>\n<p><strong>TuWroc\u0142aw.com<\/strong>, Jakub Jurek,\u00a0<em><a href=\"https:\/\/www.tuwroclaw.com\/video,taka-sierra-jezdzil-jurek-owsiak-pod-wroclawiem-powstala-identyczna,vid5-8-1925.html?fbclid=IwAR0W5_dlGS5om_felth5EnY4i2Hw0EbrtB7RGXU2oQyrwrve1Zx7_NXYqVI\" target=\"_blank\" rel=\"noopener\">Tak\u0105 sierr\u0105 je\u017adzi\u0142 Jurek Owsiak. Pod Wroc\u0142awiem powsta\u0142a identyczna<\/a><\/em><\/p>\n<p><strong>Gazeta Wroc\u0142aw<\/strong>,\u00a0<em><a href=\"https:\/\/gazeta-wroclaw.pl\/wiadomosci\/30-letnia-sierra-jak-z-salonu-na-aukcji-wosp-identyczna-jurek-owsiak-jezdzil-w-trakcie-pierwszego-finalu\/?fbclid=IwAR1xKyUytxiE11u1SDq-346tnbHtKE1nhifpypt_GJ5Yak84canKdOjvVr0\" target=\"_blank\" rel=\"noopener\">30-letnia sierra jak z salonu na aukcji WO\u015aP. Identyczn\u0105 Jurek Owsiak je\u017adzi\u0142 w trakcie pierwszego fina\u0142u<\/a><\/em><\/p>\n<p><strong>Radio Wroc\u0142aw<\/strong>, Malwina Gadawa,\u00a0<em><a href=\"https:\/\/www.radiowroclaw.pl\/articles\/view\/115913\/Takim-samym-samochodem-jezdzil-Owsiak-podczas-pierwszego-finalu-WOSP-Licytacja-ruszyla?fbclid=IwAR0_IIK8F9pfoJhFMCBNjoOpCBfd7kXBwX5RgDializM5YeJJZ8yrdo6oc4\" target=\"_blank\" rel=\"noopener\">Takim samym samochodem je\u017adzi\u0142 Owsiak podczas pierwszego fina\u0142u WO\u015aP. Licytacja ruszy\u0142a<\/a><\/em><\/p>\n<p><strong>Echo24<\/strong>, Agata Sibilak,\u00a0<em><a href=\"https:\/\/echo24.tv\/odrestaurowany-ford-sierra-jurka-owsiana-na-aukcji-wosp\/?fbclid=IwAR0CHhF1ddPnQf1pbeJp6YJlOYgyVBRE7k7mTBHQd3TT9QZ9YCTrpz7xYoA\" target=\"_blank\" rel=\"noopener\">Odrestaurowany Ford Sierra Jurka Owsiaka na aukcji WO\u015aP<\/a><\/em><\/p>\n<p><strong>Roland Gazeta<\/strong>,\u00a0<em><a href=\"https:\/\/www.roland-gazeta.pl\/najnowsze\/sroda-slaska\/siemasierra-legendarne-auto-z-1-finalu-wosp-trafilo-na-aukcje?fbclid=IwAR1Rn4yOmJinJ683JeqauhllyF8wichnPJafffoXWdp53fYMHJw45Ux2Txg\" target=\"_blank\" rel=\"noopener\">#SiemaSierra. Legendarne auto z 1. fina\u0142u WO\u015aP trafi\u0142o na aukcj\u0119<\/a><\/em><\/p>\n<p><strong>Newsello.pl<\/strong>,\u00a0<em><a href=\"http:\/\/galerie.newsello.pl\/galeria\/wroclaw-30-letni-ford-sierra-przekazany-na-30-final-wosp,2581,1,07a0e.html?fbclid=IwAR0W5_dlGS5om_felth5EnY4i2Hw0EbrtB7RGXU2oQyrwrve1Zx7_NXYqVI\" target=\"_blank\" rel=\"noopener\">Wroc\u0142aw: 30-letni Ford Sierra przekazany na 30. Fina\u0142 WO\u015aP<\/a><\/em><\/p>\n<p><strong>dlastudenta.pl<\/strong>,\u00a0<em><a href=\"https:\/\/wosp.dlastudenta.pl\/wydarzenie\/wosp,30-letnia-sierra-przekazana-na-30-final-wosp,186554.html?fbclid=IwAR1Rn4yOmJinJ683JeqauhllyF8wichnPJafffoXWdp53fYMHJw45Ux2Txg\" target=\"_blank\" rel=\"noopener\">30-letnia Sierra przekazana na 30. Fina\u0142 WO\u015aP<\/a><\/em><\/p>\n<p class=\"LC20lb MBeuO DKV0Md\"><strong>GAMINGDEPUTY<\/strong>,\u00a0Krzysztof Bates, <em><a href=\"https:\/\/www.gamingdeputy.com\/wosp-2022-a-30-year-old-ford-identical-to-that-used-by-jurek-owsiak-will-be-auctioned-at-the-gocc-auction\/?fbclid=IwAR0bwBUVhAALvKm5veNjY93wBIDzY2kWL0k4gTzsXjbW_kXgZVrmakgC7Ck\" target=\"_blank\" rel=\"noopener\">WO\u015aP 2022. A 30-year-old Ford, identical to that used by Jurek Owsiak, will be auctioned at the GOCC auction<\/a><\/em><\/p>\n<p><strong>Polish News<\/strong>,\u00a0<a href=\"https:\/\/polishnews.co.uk\/wosp-2022-a-30-year-old-ford-identical-to-that-used-by-jurek-owsiak-will-be-auctioned-at-the-gocc-auction\/?fbclid=IwAR0Xgy0SKW7YgQuxq4bW9VEbUnodcYQvdD7sdftlOK-1avpAsbCuAfUPums\" target=\"_blank\" rel=\"noopener\"><em>WO\u015aP 2022. A 30-year-old Ford, identical to that used by Jurek Owsiak, will be auctioned at the GOCC auction<\/em><\/a><\/p>\n<p><strong>The Mike<\/strong>,\u00a0<em><a href=\"https:\/\/www.youtube.com\/watch?v=FA-pnWFuWtY&amp;ab_channel=TheMike\" target=\"_blank\" rel=\"noopener\">TAKIEGO AUTA NA LICYTACJI JESZCZE NIE BY\u0141O *tym modelem je\u017adzi\u0142 Jurek Owsiak*<\/a><\/em><\/p>\n","protected":false},"excerpt":{"rendered":"<p>30-letni Ford Sierra na 30. Fina\u0142 WO\u015aP #SiemaSierra czyli kr\u00f3tka historia o samochodzie Jurka Owsiaka, kt\u00f3ry pom\u00f3g\u0142 mu zorganizowa\u0107 Przystanek Woodstock i wspar\u0142 najg\u0142o\u015bniejsz\u0105 Orkiestr\u0119 \u015bwiata! &nbsp; Ford Sierra Kombi &#8211; samoch\u00f3d, kt\u00f3ry przyjecha\u0142 wprost ze wspomnie\u0144 Jurka Owsiaka! 30 lat temu, podczas 1. Fina\u0142u Orkiestry, g\u0142\u00f3wny dyrygent WO\u015aP porusza\u0142 si\u0119 tym niezawodnym modelem. To [&hellip;]<\/p>\n","protected":false},"author":1,"featured_media":801,"parent":0,"menu_order":0,"comment_status":"closed","ping_status":"closed","template":"","meta":{"footnotes":""},"class_list":["post-796","page","type-page","status-publish","has-post-thumbnail","hentry"],"yoast_head":"<!-- This site is optimized with the Yoast SEO Premium plugin v24.4 (Yoast SEO v24.4) - https:\/\/yoast.com\/wordpress\/plugins\/seo\/ -->\n<title>30-letni Ford Sierra na 30. Fina\u0142 WO\u015aP #SiemaSierra<\/title>\n<meta name=\"description\" content=\"#SiemaSierra, czyli kr\u00f3tka historia o samochodzie Jurka Owsiaka, kt\u00f3ry pom\u00f3g\u0142 mu zorganizowa\u0107 Przystanek Woodstock i wspar\u0142 najg\u0142o\u015bniejsz\u0105 Orkiestr\u0119 \u015bwiata!\" \/>\n<meta name=\"robots\" content=\"index, follow, max-snippet:-1, max-image-preview:large, max-video-preview:-1\" \/>\n<link rel=\"canonical\" href=\"https:\/\/poleasingowe.pl\/blog\/siema-sierra\/\" \/>\n<meta property=\"og:locale\" content=\"pl_PL\" \/>\n<meta property=\"og:type\" content=\"article\" \/>\n<meta property=\"og:title\" content=\"#SiemaSierra\" \/>\n<meta property=\"og:description\" content=\"#SiemaSierra, czyli kr\u00f3tka historia o samochodzie Jurka Owsiaka, kt\u00f3ry pom\u00f3g\u0142 mu zorganizowa\u0107 Przystanek Woodstock i wspar\u0142 najg\u0142o\u015bniejsz\u0105 Orkiestr\u0119 \u015bwiata!\" \/>\n<meta property=\"og:url\" content=\"https:\/\/poleasingowe.pl\/blog\/siema-sierra\/\" \/>\n<meta property=\"og:site_name\" content=\"Blog Poleasingowe.pl\" \/>\n<meta property=\"article:publisher\" content=\"https:\/\/www.facebook.com\/poleasingowepl\" \/>\n<meta property=\"article:modified_time\" content=\"2022-01-14T09:57:40+00:00\" \/>\n<meta property=\"og:image\" content=\"https:\/\/poleasingowe.pl\/blog\/wp-content\/uploads\/2022\/01\/siema-sierra.jpg\" \/>\n\t<meta property=\"og:image:width\" content=\"4566\" \/>\n\t<meta property=\"og:image:height\" content=\"2672\" \/>\n\t<meta property=\"og:image:type\" content=\"image\/jpeg\" \/>\n<meta name=\"twitter:card\" content=\"summary_large_image\" \/>\n<meta name=\"twitter:label1\" content=\"Szacowany czas czytania\" \/>\n\t<meta name=\"twitter:data1\" content=\"5 minut\" \/>\n<script type=\"application\/ld+json\" class=\"yoast-schema-graph\">{\"@context\":\"https:\/\/schema.org\",\"@graph\":[{\"@type\":\"WebPage\",\"@id\":\"https:\/\/poleasingowe.pl\/blog\/siema-sierra\/\",\"url\":\"https:\/\/poleasingowe.pl\/blog\/siema-sierra\/\",\"name\":\"30-letni Ford Sierra na 30. Fina\u0142 WO\u015aP #SiemaSierra\",\"isPartOf\":{\"@id\":\"https:\/\/poleasingowe.pl\/blog\/#website\"},\"primaryImageOfPage\":{\"@id\":\"https:\/\/poleasingowe.pl\/blog\/siema-sierra\/#primaryimage\"},\"image\":{\"@id\":\"https:\/\/poleasingowe.pl\/blog\/siema-sierra\/#primaryimage\"},\"thumbnailUrl\":\"https:\/\/poleasingowe.pl\/blog\/wp-content\/uploads\/2022\/01\/siema-sierra.jpg\",\"datePublished\":\"2022-01-12T18:00:15+00:00\",\"dateModified\":\"2022-01-14T09:57:40+00:00\",\"description\":\"#SiemaSierra, czyli kr\u00f3tka historia o samochodzie Jurka Owsiaka, kt\u00f3ry pom\u00f3g\u0142 mu zorganizowa\u0107 Przystanek Woodstock i wspar\u0142 najg\u0142o\u015bniejsz\u0105 Orkiestr\u0119 \u015bwiata!\",\"breadcrumb\":{\"@id\":\"https:\/\/poleasingowe.pl\/blog\/siema-sierra\/#breadcrumb\"},\"inLanguage\":\"pl-PL\",\"potentialAction\":[{\"@type\":\"ReadAction\",\"target\":[\"https:\/\/poleasingowe.pl\/blog\/siema-sierra\/\"]}]},{\"@type\":\"ImageObject\",\"inLanguage\":\"pl-PL\",\"@id\":\"https:\/\/poleasingowe.pl\/blog\/siema-sierra\/#primaryimage\",\"url\":\"https:\/\/poleasingowe.pl\/blog\/wp-content\/uploads\/2022\/01\/siema-sierra.jpg\",\"contentUrl\":\"https:\/\/poleasingowe.pl\/blog\/wp-content\/uploads\/2022\/01\/siema-sierra.jpg\",\"width\":4566,\"height\":2672,\"caption\":\"#SiemaSierra\"},{\"@type\":\"BreadcrumbList\",\"@id\":\"https:\/\/poleasingowe.pl\/blog\/siema-sierra\/#breadcrumb\",\"itemListElement\":[{\"@type\":\"ListItem\",\"position\":1,\"name\":\"Strona g\u0142\u00f3wna\",\"item\":\"https:\/\/poleasingowe.pl\/blog\/\"},{\"@type\":\"ListItem\",\"position\":2,\"name\":\"#SiemaSierra\"}]},{\"@type\":\"WebSite\",\"@id\":\"https:\/\/poleasingowe.pl\/blog\/#website\",\"url\":\"https:\/\/poleasingowe.pl\/blog\/\",\"name\":\"Blog Poleasingowe.pl\",\"description\":\"Blog Poleasingowe.pl\",\"publisher\":{\"@id\":\"https:\/\/poleasingowe.pl\/blog\/#organization\"},\"potentialAction\":[{\"@type\":\"SearchAction\",\"target\":{\"@type\":\"EntryPoint\",\"urlTemplate\":\"https:\/\/poleasingowe.pl\/blog\/?s={search_term_string}\"},\"query-input\":{\"@type\":\"PropertyValueSpecification\",\"valueRequired\":true,\"valueName\":\"search_term_string\"}}],\"inLanguage\":\"pl-PL\"},{\"@type\":\"Organization\",\"@id\":\"https:\/\/poleasingowe.pl\/blog\/#organization\",\"name\":\"Blog Poleasingowe.pl\",\"url\":\"https:\/\/poleasingowe.pl\/blog\/\",\"logo\":{\"@type\":\"ImageObject\",\"inLanguage\":\"pl-PL\",\"@id\":\"https:\/\/poleasingowe.pl\/blog\/#\/schema\/logo\/image\/\",\"url\":\"https:\/\/poleasingowe.pl\/blog\/wp-content\/uploads\/2024\/11\/cropped-fav_red_white.png\",\"contentUrl\":\"https:\/\/poleasingowe.pl\/blog\/wp-content\/uploads\/2024\/11\/cropped-fav_red_white.png\",\"width\":512,\"height\":512,\"caption\":\"Blog Poleasingowe.pl\"},\"image\":{\"@id\":\"https:\/\/poleasingowe.pl\/blog\/#\/schema\/logo\/image\/\"},\"sameAs\":[\"https:\/\/www.facebook.com\/poleasingowepl\",\"https:\/\/www.linkedin.com\/showcase\/poleasingowepl\/\",\"https:\/\/www.instagram.com\/poleasingowe.pl\/\"]}]}<\/script>\n<!-- \/ Yoast SEO Premium plugin. -->","yoast_head_json":{"title":"30-letni Ford Sierra na 30. Fina\u0142 WO\u015aP #SiemaSierra","description":"#SiemaSierra, czyli kr\u00f3tka historia o samochodzie Jurka Owsiaka, kt\u00f3ry pom\u00f3g\u0142 mu zorganizowa\u0107 Przystanek Woodstock i wspar\u0142 najg\u0142o\u015bniejsz\u0105 Orkiestr\u0119 \u015bwiata!","robots":{"index":"index","follow":"follow","max-snippet":"max-snippet:-1","max-image-preview":"max-image-preview:large","max-video-preview":"max-video-preview:-1"},"canonical":"https:\/\/poleasingowe.pl\/blog\/siema-sierra\/","og_locale":"pl_PL","og_type":"article","og_title":"#SiemaSierra","og_description":"#SiemaSierra, czyli kr\u00f3tka historia o samochodzie Jurka Owsiaka, kt\u00f3ry pom\u00f3g\u0142 mu zorganizowa\u0107 Przystanek Woodstock i wspar\u0142 najg\u0142o\u015bniejsz\u0105 Orkiestr\u0119 \u015bwiata!","og_url":"https:\/\/poleasingowe.pl\/blog\/siema-sierra\/","og_site_name":"Blog Poleasingowe.pl","article_publisher":"https:\/\/www.facebook.com\/poleasingowepl","article_modified_time":"2022-01-14T09:57:40+00:00","og_image":[{"width":4566,"height":2672,"url":"https:\/\/poleasingowe.pl\/blog\/wp-content\/uploads\/2022\/01\/siema-sierra.jpg","type":"image\/jpeg"}],"twitter_card":"summary_large_image","twitter_misc":{"Szacowany czas czytania":"5 minut"},"schema":{"@context":"https:\/\/schema.org","@graph":[{"@type":"WebPage","@id":"https:\/\/poleasingowe.pl\/blog\/siema-sierra\/","url":"https:\/\/poleasingowe.pl\/blog\/siema-sierra\/","name":"30-letni Ford Sierra na 30. Fina\u0142 WO\u015aP #SiemaSierra","isPartOf":{"@id":"https:\/\/poleasingowe.pl\/blog\/#website"},"primaryImageOfPage":{"@id":"https:\/\/poleasingowe.pl\/blog\/siema-sierra\/#primaryimage"},"image":{"@id":"https:\/\/poleasingowe.pl\/blog\/siema-sierra\/#primaryimage"},"thumbnailUrl":"https:\/\/poleasingowe.pl\/blog\/wp-content\/uploads\/2022\/01\/siema-sierra.jpg","datePublished":"2022-01-12T18:00:15+00:00","dateModified":"2022-01-14T09:57:40+00:00","description":"#SiemaSierra, czyli kr\u00f3tka historia o samochodzie Jurka Owsiaka, kt\u00f3ry pom\u00f3g\u0142 mu zorganizowa\u0107 Przystanek Woodstock i wspar\u0142 najg\u0142o\u015bniejsz\u0105 Orkiestr\u0119 \u015bwiata!","breadcrumb":{"@id":"https:\/\/poleasingowe.pl\/blog\/siema-sierra\/#breadcrumb"},"inLanguage":"pl-PL","potentialAction":[{"@type":"ReadAction","target":["https:\/\/poleasingowe.pl\/blog\/siema-sierra\/"]}]},{"@type":"ImageObject","inLanguage":"pl-PL","@id":"https:\/\/poleasingowe.pl\/blog\/siema-sierra\/#primaryimage","url":"https:\/\/poleasingowe.pl\/blog\/wp-content\/uploads\/2022\/01\/siema-sierra.jpg","contentUrl":"https:\/\/poleasingowe.pl\/blog\/wp-content\/uploads\/2022\/01\/siema-sierra.jpg","width":4566,"height":2672,"caption":"#SiemaSierra"},{"@type":"BreadcrumbList","@id":"https:\/\/poleasingowe.pl\/blog\/siema-sierra\/#breadcrumb","itemListElement":[{"@type":"ListItem","position":1,"name":"Strona g\u0142\u00f3wna","item":"https:\/\/poleasingowe.pl\/blog\/"},{"@type":"ListItem","position":2,"name":"#SiemaSierra"}]},{"@type":"WebSite","@id":"https:\/\/poleasingowe.pl\/blog\/#website","url":"https:\/\/poleasingowe.pl\/blog\/","name":"Blog Poleasingowe.pl","description":"Blog Poleasingowe.pl","publisher":{"@id":"https:\/\/poleasingowe.pl\/blog\/#organization"},"potentialAction":[{"@type":"SearchAction","target":{"@type":"EntryPoint","urlTemplate":"https:\/\/poleasingowe.pl\/blog\/?s={search_term_string}"},"query-input":{"@type":"PropertyValueSpecification","valueRequired":true,"valueName":"search_term_string"}}],"inLanguage":"pl-PL"},{"@type":"Organization","@id":"https:\/\/poleasingowe.pl\/blog\/#organization","name":"Blog Poleasingowe.pl","url":"https:\/\/poleasingowe.pl\/blog\/","logo":{"@type":"ImageObject","inLanguage":"pl-PL","@id":"https:\/\/poleasingowe.pl\/blog\/#\/schema\/logo\/image\/","url":"https:\/\/poleasingowe.pl\/blog\/wp-content\/uploads\/2024\/11\/cropped-fav_red_white.png","contentUrl":"https:\/\/poleasingowe.pl\/blog\/wp-content\/uploads\/2024\/11\/cropped-fav_red_white.png","width":512,"height":512,"caption":"Blog Poleasingowe.pl"},"image":{"@id":"https:\/\/poleasingowe.pl\/blog\/#\/schema\/logo\/image\/"},"sameAs":["https:\/\/www.facebook.com\/poleasingowepl","https:\/\/www.linkedin.com\/showcase\/poleasingowepl\/","https:\/\/www.instagram.com\/poleasingowe.pl\/"]}]}},"meta_box":{"about_description_subheader":"","about_description_header":"","about_description_text_left":"","about_description_text_right":"","about_numbers_subheader":"","about_numbers_header":"","about_numbers_2":"","about_numbers_3":"","about_numbers_4":"","about_numbers_5":"","about_numbers_6":"","about_description_video":"","about_team_subheader":"","about_team_header":"","about_team_image":false,"about_team_description_left":"","about_team_description_right":"","about_history_subheader":"","about_history_header":"","about_history_years":[],"about_locations_subheader":"","about_locations_header":"","about_locations_text":"","about_locations_items":[],"about_csr_subheader":"","about_csr_header":"","about_csr_text":"","about_csr_items":[],"financing_description_subheader":"","financing_description_header":"","financing_description_text":"","financing_description_image":false,"financing_description_video":"","financing_contact_subheader":"","financing_contact_header":"","financing_email":"","financing_phone":"","financing_form":"","insurance_description_subheader":"","insurance_description_header":"","insurance_description_text":"","insurance_description_image":false,"insurance_description_video":"","insurance_contact_subheader":"","insurance_contact_header":"","insurance_email":"","insurance_phone":"","insurance_form":"","insurance_gap_subheader":"","insurance_gap_header":"","insurance_gap_image":false,"insurance_gap_text":"","insurance2_description_subheader":"","insurance2_description_header":"","insurance2_description_text":"","insurance2_description_image":false,"insurance2_description_video":"","insurance2_contact_subheader":"","insurance2_contact_header":"","insurance2_email":"","insurance2_phone_1":"","insurance2_phone_2":"","insurance2_form":"","vinspection_description_subheader":"","vinspection_description_header":"","vinspection_description_text":"","vinspection_description_video":"","vinspection_price_subheader":"","vinspection_price_header":"","vinspection_price_text":"","vinspection_price_box_header":"","vinspection_price_box_price_feature":[],"vinspection_price_box_subheader":"","vinspection_price_box_price_regular":"","vinspection_price_box_price_promo":"","vinspection_price_box_price_vat":"","vinspection_price_box_price_button":"","settlement_description_subheader":"","settlement_description_header":"","settlement_description_text":"","settlement_description_image":false,"settlement_description_video":"","settlement_contact_subheader":"","settlement_contact_header":"","settlement_email":"","settlement_phone":"","settlement_form":"","buyback_description_subheader":"","buyback_description_header":"","buyback_description_text":"","buyback_description_image":false,"buyback_description_video":"","buyback_contact_subheader":"","buyback_contact_header":"","buyback_email":"","buyback_phone":"","buyback_form":"","transport_description_subheader":"","transport_description_header":"","transport_description_text":"","transport_description_image":false,"transport_description_video":"","transport_contact_subheader":"","transport_contact_header":"","transport_email":"","transport_phone":"","transport_form":"","fleet_description_subheader":"","fleet_description_header":"","fleet_description_text":"","fleet_contact_subheader":"","fleet_email":"","fleet_phone":"","fleet_contact_text":"","fleet_form":"","csr_description_subheader":"","csr_description_header":"","csr_description_text":"","csr_description_image":false,"csr_actions_list":[],"skaner360_description_subheader":"","skaner360_description_header":"","skaner360_description_text":"","skaner360_description_video":"","skaner360_middle_subheader":"","skaner360_middle_header":"","skaner360_middle_text_left":"","skaner360_middle_text_right":"","skaner360_last_subheader":"","skaner360_last_header":"","skaner360_last_text":"","skaner360_last_video":"","autodna_description_subheader":"","autodna_description_header":"","autodna_description_text":"","autodna_description_image":false,"autodna_description_video":"","autodna_middle_subheader":"","autodna_middle_header":"","autodna_middle_text_left":"","autodna_middle_image":false,"autodna_middle_quote":"","autodna_middle_text_right":"","autodna_last_subheader":"","autodna_last_header":"","autodna_last_text":"","autodna_last_image":false,"autotesto_description_subheader":"","autotesto_description_header":"","autotesto_description_text":"","autotesto_description_image":false,"autotesto_package_features":[],"warranty_description_video":""},"_links":{"self":[{"href":"https:\/\/poleasingowe.pl\/blog\/wp-json\/wp\/v2\/pages\/796"}],"collection":[{"href":"https:\/\/poleasingowe.pl\/blog\/wp-json\/wp\/v2\/pages"}],"about":[{"href":"https:\/\/poleasingowe.pl\/blog\/wp-json\/wp\/v2\/types\/page"}],"author":[{"embeddable":true,"href":"https:\/\/poleasingowe.pl\/blog\/wp-json\/wp\/v2\/users\/1"}],"replies":[{"embeddable":true,"href":"https:\/\/poleasingowe.pl\/blog\/wp-json\/wp\/v2\/comments?post=796"}],"version-history":[{"count":31,"href":"https:\/\/poleasingowe.pl\/blog\/wp-json\/wp\/v2\/pages\/796\/revisions"}],"predecessor-version":[{"id":849,"href":"https:\/\/poleasingowe.pl\/blog\/wp-json\/wp\/v2\/pages\/796\/revisions\/849"}],"wp:featuredmedia":[{"embeddable":true,"href":"https:\/\/poleasingowe.pl\/blog\/wp-json\/wp\/v2\/media\/801"}],"wp:attachment":[{"href":"https:\/\/poleasingowe.pl\/blog\/wp-json\/wp\/v2\/media?parent=796"}],"curies":[{"name":"wp","href":"https:\/\/api.w.org\/{rel}","templated":true}]}}